{"id":5187,"date":"2020-11-19T14:57:40","date_gmt":"2020-11-19T13:57:40","guid":{"rendered":"http:\/\/friville.lobs.pro\/wordpress\/?page_id=5187"},"modified":"2026-04-05T12:43:33","modified_gmt":"2026-04-05T10:43:33","slug":"hors-collections","status":"publish","type":"page","link":"http:\/\/www.friville-editions.org\/wordpress\/index.php\/hors-collections\/","title":{"rendered":"Hors collections"},"content":{"rendered":"\t\t<div data-elementor-type=\"wp-page\" data-elementor-id=\"5187\" class=\"elementor elementor-5187\">\n\t\t\t\t\t\t<section class=\"elementor-section elementor-top-section elementor-element elementor-element-eec191d elementor-section-boxed elementor-section-height-default elementor-section-height-default\" data-id=\"eec191d\" data-element_type=\"section\">\n\t\t\t\t\t\t<div class=\"elementor-container elementor-column-gap-default\">\n\t\t\t\t\t<div class=\"elementor-column elementor-col-100 elementor-top-column elementor-element elementor-element-d002b22\" data-id=\"d002b22\" data-element_type=\"column\">\n\t\t\t<div class=\"elementor-widget-wrap elementor-element-populated\">\n\t\t\t\t\t\t<div class=\"elementor-element elementor-element-cf947ac elementor-widget elementor-widget-spacer\" data-id=\"cf947ac\" data-element_type=\"widget\" data-widget_type=\"spacer.default\">\n\t\t\t\t<div class=\"elementor-widget-container\">\n\t\t\t\t\t\t\t<div class=\"elementor-spacer\">\n\t\t\t<div class=\"elementor-spacer-inner\"><\/div>\n\t\t<\/div>\n\t\t\t\t\t\t<\/div>\n\t\t\t\t<\/div>\n\t\t\t\t\t<\/div>\n\t\t<\/div>\n\t\t\t\t\t<\/div>\n\t\t<\/section>\n\t\t\t\t<section class=\"elementor-section elementor-top-section elementor-element elementor-element-6800751 elementor-section-boxed elementor-section-height-default elementor-section-height-default\" data-id=\"6800751\" data-element_type=\"section\">\n\t\t\t\t\t\t<div class=\"elementor-container elementor-column-gap-default\">\n\t\t\t\t\t<div class=\"elementor-column elementor-col-100 elementor-top-column elementor-element elementor-element-74b37ea\" data-id=\"74b37ea\" data-element_type=\"column\" data-settings=\"{&quot;background_background&quot;:&quot;classic&quot;}\">\n\t\t\t<div class=\"elementor-widget-wrap elementor-element-populated\">\n\t\t\t\t\t\t<div class=\"elementor-element elementor-element-f6f98b7 elementor-widget elementor-widget-heading\" data-id=\"f6f98b7\" data-element_type=\"widget\" data-widget_type=\"heading.default\">\n\t\t\t\t<div class=\"elementor-widget-container\">\n\t\t\t\t\t<h2 class=\"elementor-heading-title elementor-size-default\">au-del\u00e0 des collections<\/h2>\t\t\t\t<\/div>\n\t\t\t\t<\/div>\n\t\t\t\t\t<\/div>\n\t\t<\/div>\n\t\t\t\t\t<\/div>\n\t\t<\/section>\n\t\t\t\t<section class=\"elementor-section elementor-top-section elementor-element elementor-element-3c7f24b elementor-section-boxed elementor-section-height-default elementor-section-height-default\" data-id=\"3c7f24b\" data-element_type=\"section\">\n\t\t\t\t\t\t<div class=\"elementor-container elementor-column-gap-default\">\n\t\t\t\t\t<div class=\"elementor-column elementor-col-100 elementor-top-column elementor-element elementor-element-6250ab0\" data-id=\"6250ab0\" data-element_type=\"column\">\n\t\t\t<div class=\"elementor-widget-wrap elementor-element-populated\">\n\t\t\t\t\t\t<div class=\"elementor-element elementor-element-880c3e9 elementor-widget elementor-widget-spacer\" data-id=\"880c3e9\" data-element_type=\"widget\" data-widget_type=\"spacer.default\">\n\t\t\t\t<div class=\"elementor-widget-container\">\n\t\t\t\t\t\t\t<div class=\"elementor-spacer\">\n\t\t\t<div class=\"elementor-spacer-inner\"><\/div>\n\t\t<\/div>\n\t\t\t\t\t\t<\/div>\n\t\t\t\t<\/div>\n\t\t\t\t\t<\/div>\n\t\t<\/div>\n\t\t\t\t\t<\/div>\n\t\t<\/section>\n\t\t\t\t<section class=\"elementor-section elementor-top-section elementor-element elementor-element-3620bbb elementor-section-boxed elementor-section-height-default elementor-section-height-default\" data-id=\"3620bbb\" data-element_type=\"section\">\n\t\t\t\t\t\t<div class=\"elementor-container elementor-column-gap-wider\">\n\t\t\t\t\t<div class=\"elementor-column elementor-col-50 elementor-top-column elementor-element elementor-element-71cc24c\" data-id=\"71cc24c\" data-element_type=\"column\" data-settings=\"{&quot;background_background&quot;:&quot;classic&quot;}\">\n\t\t\t<div class=\"elementor-widget-wrap elementor-element-populated\">\n\t\t\t\t\t\t<div class=\"elementor-element elementor-element-3d4003a elementor-widget elementor-widget-heading\" data-id=\"3d4003a\" data-element_type=\"widget\" data-widget_type=\"heading.default\">\n\t\t\t\t<div class=\"elementor-widget-container\">\n\t\t\t\t\t<h2 class=\"elementor-heading-title elementor-size-default\"><i>2024<\/i><\/h2>\t\t\t\t<\/div>\n\t\t\t\t<\/div>\n\t\t\t\t<div class=\"elementor-element elementor-element-37517f9 elementor-widget elementor-widget-obfx-posts-grid\" data-id=\"37517f9\" data-element_type=\"widget\" data-widget_type=\"obfx-posts-grid.default\">\n\t\t\t\t<div class=\"elementor-widget-container\">\n\t\t\t\t\t<div class=\"obfx-grid\"><div class=\"obfx-grid-container obfx-grid-mobile-2 obfx-grid-tablet-1 obfx-grid-desktop-2\"><div class=\"obfx-grid-wrapper\"><article class=\"obfx-grid-col\"><div class=\"obfx-grid-col-image\" ><a href=\"http:\/\/www.friville-editions.org\/wordpress\/index.php\/2026\/04\/05\/ad-libitum-de-stephanie-guglielmetti\/\" title=\"Ad Libitum de St\u00e9phanie Guglielmetti\"><img fetchpriority=\"high\" decoding=\"async\" width=\"850\" height=\"888\" src=\"http:\/\/www.friville-editions.org\/wordpress\/wp-content\/uploads\/2026\/04\/GUGLIELMETTI-Ad-Libitum-4.jpg\" class=\"img-responsive wp-post-image\" alt=\"GUGLIELMETTI Ad Libitum 4\" srcset=\"http:\/\/www.friville-editions.org\/wordpress\/wp-content\/uploads\/2026\/04\/GUGLIELMETTI-Ad-Libitum-4.jpg 850w, http:\/\/www.friville-editions.org\/wordpress\/wp-content\/uploads\/2026\/04\/GUGLIELMETTI-Ad-Libitum-4-287x300.jpg 287w, http:\/\/www.friville-editions.org\/wordpress\/wp-content\/uploads\/2026\/04\/GUGLIELMETTI-Ad-Libitum-4-768x802.jpg 768w\" sizes=\"(max-width: 850px) 100vw, 850px\" \/><\/a><\/div><div class=\"obfx-grid-col-content\">\t\t\t<h2 class=\"entry-title obfx-grid-title\">\n\t\t\t\t\t\t\t<a href=\"http:\/\/www.friville-editions.org\/wordpress\/index.php\/2026\/04\/05\/ad-libitum-de-stephanie-guglielmetti\/\" title=\"Ad Libitum de St\u00e9phanie Guglielmetti\">\n\t\t\t\t\tAd Libitum de St\u00e9phanie Guglielmetti\t\t\t\t<\/a>\n\t\t\t\t\t\t\t<\/h2>\n\t\t\t\t\t\t<div class=\"entry-content obfx-grid-content\">\n\t\t\t\tLe temps ne s\u2019organise plus : il se disperse, se trouble, \u00e9chappe. Il devient mati\u00e8re instable, travers\u00e9e par l\u2019air, le hasard, l\u2019impr\u00e9visible.\t\t\t<\/div>\n\t\t\t<\/div><\/article><\/div><div class=\"obfx-grid-wrapper\"><article class=\"obfx-grid-col\"><div class=\"obfx-grid-col-image\" ><a href=\"http:\/\/www.friville-editions.org\/wordpress\/index.php\/2024\/05\/28\/villejuif-de-a-a-z-de-heidi-wood\/\" title=\"VILLEJUIF de A \u00e0 Z de Heidi Wood\"><img decoding=\"async\" width=\"813\" height=\"1000\" src=\"http:\/\/www.friville-editions.org\/wordpress\/wp-content\/uploads\/2024\/05\/VillejuifAaZ.jpg\" class=\"img-responsive wp-post-image\" alt=\"VillejuifAaZ\" srcset=\"http:\/\/www.friville-editions.org\/wordpress\/wp-content\/uploads\/2024\/05\/VillejuifAaZ.jpg 813w, http:\/\/www.friville-editions.org\/wordpress\/wp-content\/uploads\/2024\/05\/VillejuifAaZ-244x300.jpg 244w, http:\/\/www.friville-editions.org\/wordpress\/wp-content\/uploads\/2024\/05\/VillejuifAaZ-768x945.jpg 768w\" sizes=\"(max-width: 813px) 100vw, 813px\" \/><\/a><\/div><div class=\"obfx-grid-col-content\">\t\t\t<h2 class=\"entry-title obfx-grid-title\">\n\t\t\t\t\t\t\t<a href=\"http:\/\/www.friville-editions.org\/wordpress\/index.php\/2024\/05\/28\/villejuif-de-a-a-z-de-heidi-wood\/\" title=\"VILLEJUIF de A \u00e0 Z de Heidi Wood\">\n\t\t\t\t\tVILLEJUIF de A \u00e0 Z de Heidi Wood\t\t\t\t<\/a>\n\t\t\t\t\t\t\t<\/h2>\n\t\t\t\t\t\t<div class=\"entry-content obfx-grid-content\">\n\t\t\t\tVILLEJUIF de A \u00e0 Z Heidi Wood EN CHANTIER COMME LA VILLE De longue date, j\u2019aime faire des portraits de villes issus d\u2019\u00e9tudes de terrain pouss\u00e9es. Mes cibles sont accessibles\u2026\t\t\t<\/div>\n\t\t\t<\/div><\/article><\/div><\/div><!-- .obfx-grid-container --><\/div><!-- .obfx-grid -->\t\t\t\t<\/div>\n\t\t\t\t<\/div>\n\t\t\t\t<div class=\"elementor-element elementor-element-17ab159 elementor-widget elementor-widget-heading\" data-id=\"17ab159\" data-element_type=\"widget\" data-widget_type=\"heading.default\">\n\t\t\t\t<div class=\"elementor-widget-container\">\n\t\t\t\t\t<h2 class=\"elementor-heading-title elementor-size-default\"><i>2023<\/i><\/h2>\t\t\t\t<\/div>\n\t\t\t\t<\/div>\n\t\t\t\t<div class=\"elementor-element elementor-element-cf8db0d elementor-widget elementor-widget-obfx-posts-grid\" data-id=\"cf8db0d\" data-element_type=\"widget\" data-widget_type=\"obfx-posts-grid.default\">\n\t\t\t\t<div class=\"elementor-widget-container\">\n\t\t\t\t\t<div class=\"obfx-grid\"><div class=\"obfx-grid-container obfx-grid-mobile-2 obfx-grid-tablet-1 obfx-grid-desktop-2\"><div class=\"obfx-grid-wrapper\"><article class=\"obfx-grid-col\"><div class=\"obfx-grid-col-image\" ><a href=\"http:\/\/www.friville-editions.org\/wordpress\/index.php\/2023\/09\/20\/la-galerie-du-haut-pave-a-70-ans\/\" title=\"La Galerie du Haut-Pav\u00e9 a 70 ans\"><img decoding=\"async\" width=\"1000\" height=\"1000\" src=\"http:\/\/www.friville-editions.org\/wordpress\/wp-content\/uploads\/2024\/03\/GHP-Couv-Paysage-3.png\" class=\"img-responsive wp-post-image\" alt=\"GHP-Couv-Paysage-3\" srcset=\"http:\/\/www.friville-editions.org\/wordpress\/wp-content\/uploads\/2024\/03\/GHP-Couv-Paysage-3.png 1000w, http:\/\/www.friville-editions.org\/wordpress\/wp-content\/uploads\/2024\/03\/GHP-Couv-Paysage-3-300x300.png 300w, http:\/\/www.friville-editions.org\/wordpress\/wp-content\/uploads\/2024\/03\/GHP-Couv-Paysage-3-150x150.png 150w, http:\/\/www.friville-editions.org\/wordpress\/wp-content\/uploads\/2024\/03\/GHP-Couv-Paysage-3-768x768.png 768w\" sizes=\"(max-width: 1000px) 100vw, 1000px\" \/><\/a><\/div><div class=\"obfx-grid-col-content\">\t\t\t<h2 class=\"entry-title obfx-grid-title\">\n\t\t\t\t\t\t\t<a href=\"http:\/\/www.friville-editions.org\/wordpress\/index.php\/2023\/09\/20\/la-galerie-du-haut-pave-a-70-ans\/\" title=\"La Galerie du Haut-Pav\u00e9 a 70 ans\">\n\t\t\t\t\tLa Galerie du Haut-Pav\u00e9 a 70 ans\t\t\t\t<\/a>\n\t\t\t\t\t\t\t<\/h2>\n\t\t\t\t\t\t<div class=\"entry-content obfx-grid-content\">\n\t\t\t\t70 ans, c\u2019est l\u2019\u00e2ge atteint par la galerie du Haut-Pav\u00e9, en 2023. Pourquoi vouloir marquer cet anniversaire par la sortie d\u2019un livre sur cette \u00ab galerie pas comme les autres\u2026\t\t\t<\/div>\n\t\t\t<\/div><\/article><\/div><div class=\"obfx-grid-wrapper\"><article class=\"obfx-grid-col\"><div class=\"obfx-grid-col-image\" ><a href=\"http:\/\/www.friville-editions.org\/wordpress\/index.php\/2023\/01\/30\/faire-les-poussieres\/\" title=\"Faire les poussi\u00e8res de Samuel \u00c9tienne\"><img loading=\"lazy\" decoding=\"async\" width=\"1366\" height=\"1011\" src=\"http:\/\/www.friville-editions.org\/wordpress\/wp-content\/uploads\/2023\/01\/Web-FLP-recto_BNF-copie.jpg\" class=\"img-responsive wp-post-image\" alt=\"Web-FLP-recto_BNF-copie\" srcset=\"http:\/\/www.friville-editions.org\/wordpress\/wp-content\/uploads\/2023\/01\/Web-FLP-recto_BNF-copie.jpg 1366w, http:\/\/www.friville-editions.org\/wordpress\/wp-content\/uploads\/2023\/01\/Web-FLP-recto_BNF-copie-300x222.jpg 300w, http:\/\/www.friville-editions.org\/wordpress\/wp-content\/uploads\/2023\/01\/Web-FLP-recto_BNF-copie-1024x758.jpg 1024w, http:\/\/www.friville-editions.org\/wordpress\/wp-content\/uploads\/2023\/01\/Web-FLP-recto_BNF-copie-768x568.jpg 768w\" sizes=\"(max-width: 1366px) 100vw, 1366px\" \/><\/a><\/div><div class=\"obfx-grid-col-content\">\t\t\t<h2 class=\"entry-title obfx-grid-title\">\n\t\t\t\t\t\t\t<a href=\"http:\/\/www.friville-editions.org\/wordpress\/index.php\/2023\/01\/30\/faire-les-poussieres\/\" title=\"Faire les poussi\u00e8res de Samuel \u00c9tienne\">\n\t\t\t\t\tFaire les poussi\u00e8res de Samuel \u00c9tienne\t\t\t\t<\/a>\n\t\t\t\t\t\t\t<\/h2>\n\t\t\t\t\t\t<div class=\"entry-content obfx-grid-content\">\n\t\t\t\tEn picard, \"faire les poussi\u00e8res\" signifie \"balayer\". Ce geste a \u00e9t\u00e9 le\u00a0mode op\u00e9ratoire privil\u00e9gi\u00e9 par Samuel Etienne lors de sa r\u00e9sidence de recherche dans le Vimeu, autour de la commune\u2026\t\t\t<\/div>\n\t\t\t<\/div><\/article><\/div><\/div><!-- .obfx-grid-container --><\/div><!-- .obfx-grid -->\t\t\t\t<\/div>\n\t\t\t\t<\/div>\n\t\t\t\t<div class=\"elementor-element elementor-element-e760735 elementor-widget elementor-widget-heading\" data-id=\"e760735\" data-element_type=\"widget\" data-widget_type=\"heading.default\">\n\t\t\t\t<div class=\"elementor-widget-container\">\n\t\t\t\t\t<h2 class=\"elementor-heading-title elementor-size-default\"><i>2022<\/i><\/h2>\t\t\t\t<\/div>\n\t\t\t\t<\/div>\n\t\t\t\t<div class=\"elementor-element elementor-element-4efe7dd elementor-widget elementor-widget-obfx-posts-grid\" data-id=\"4efe7dd\" data-element_type=\"widget\" data-widget_type=\"obfx-posts-grid.default\">\n\t\t\t\t<div class=\"elementor-widget-container\">\n\t\t\t\t\t<div class=\"obfx-grid\"><div class=\"obfx-grid-container obfx-grid-mobile-2 obfx-grid-tablet-1 obfx-grid-desktop-2\"><div class=\"obfx-grid-wrapper\"><article class=\"obfx-grid-col\"><div class=\"obfx-grid-col-image\" ><a href=\"http:\/\/www.friville-editions.org\/wordpress\/index.php\/2022\/12\/05\/dans-un-fauteuil-de-samuel-etienne\/\" title=\"Dans un fauteuil de Samuel \u00c9tienne\"><img loading=\"lazy\" decoding=\"async\" width=\"974\" height=\"1569\" src=\"http:\/\/www.friville-editions.org\/wordpress\/wp-content\/uploads\/2022\/12\/Dansunfauteuil_1couv_BAT.jpg\" class=\"img-responsive wp-post-image\" alt=\"Dansunfauteuil_1couv_BAT\" srcset=\"http:\/\/www.friville-editions.org\/wordpress\/wp-content\/uploads\/2022\/12\/Dansunfauteuil_1couv_BAT.jpg 974w, http:\/\/www.friville-editions.org\/wordpress\/wp-content\/uploads\/2022\/12\/Dansunfauteuil_1couv_BAT-186x300.jpg 186w, http:\/\/www.friville-editions.org\/wordpress\/wp-content\/uploads\/2022\/12\/Dansunfauteuil_1couv_BAT-636x1024.jpg 636w, http:\/\/www.friville-editions.org\/wordpress\/wp-content\/uploads\/2022\/12\/Dansunfauteuil_1couv_BAT-768x1237.jpg 768w, http:\/\/www.friville-editions.org\/wordpress\/wp-content\/uploads\/2022\/12\/Dansunfauteuil_1couv_BAT-954x1536.jpg 954w\" sizes=\"(max-width: 974px) 100vw, 974px\" \/><\/a><\/div><div class=\"obfx-grid-col-content\">\t\t\t<h2 class=\"entry-title obfx-grid-title\">\n\t\t\t\t\t\t\t<a href=\"http:\/\/www.friville-editions.org\/wordpress\/index.php\/2022\/12\/05\/dans-un-fauteuil-de-samuel-etienne\/\" title=\"Dans un fauteuil de Samuel \u00c9tienne\">\n\t\t\t\t\tDans un fauteuil de Samuel \u00c9tienne\t\t\t\t<\/a>\n\t\t\t\t\t\t\t<\/h2>\n\t\t\t\t\t\t<div class=\"entry-content obfx-grid-content\">\n\t\t\t\tCet essai, \u00e9crit dans le cadre d\u2019une r\u00e9sidence \u00e9ditoriale chez Friville \u00e9ditions (Picardie), interroge le rapport des soci\u00e9t\u00e9s de consommation aux paysages \u00e0 travers une proposition plastique originale, le payscament,\u2026\t\t\t<\/div>\n\t\t\t<\/div><\/article><\/div><div class=\"obfx-grid-wrapper\"><article class=\"obfx-grid-col\"><div class=\"obfx-grid-col-image\" ><a href=\"http:\/\/www.friville-editions.org\/wordpress\/index.php\/2022\/05\/09\/tour-du-monde-en-transition-de-heidi-wood\/\" title=\"AdTpapier 20 &#8211; Tour du monde en transition\"><img loading=\"lazy\" decoding=\"async\" width=\"480\" height=\"640\" src=\"http:\/\/www.friville-editions.org\/wordpress\/wp-content\/uploads\/2022\/05\/TourDuMondeEnTransition-Couv.jpeg\" class=\"img-responsive wp-post-image\" alt=\"TourDuMondeEnTransition-Couv\" srcset=\"http:\/\/www.friville-editions.org\/wordpress\/wp-content\/uploads\/2022\/05\/TourDuMondeEnTransition-Couv.jpeg 480w, http:\/\/www.friville-editions.org\/wordpress\/wp-content\/uploads\/2022\/05\/TourDuMondeEnTransition-Couv-225x300.jpeg 225w\" sizes=\"(max-width: 480px) 100vw, 480px\" \/><\/a><\/div><div class=\"obfx-grid-col-content\">\t\t\t<h2 class=\"entry-title obfx-grid-title\">\n\t\t\t\t\t\t\t<a href=\"http:\/\/www.friville-editions.org\/wordpress\/index.php\/2022\/05\/09\/tour-du-monde-en-transition-de-heidi-wood\/\" title=\"AdTpapier 20 &#8211; Tour du monde en transition\">\n\t\t\t\t\tAdTpapier 20 &#8211; Tour du monde en transition\t\t\t\t<\/a>\n\t\t\t\t\t\t\t<\/h2>\n\t\t\t\t\t\t<div class=\"entry-content obfx-grid-content\">\n\t\t\t\tCe livre documente les r\u00e9alisations de Heidi Wood depuis une dizaine d\u2019ann\u00e9es, notamment ses repr\u00e9sentations de lieux d\u00e9class\u00e9s et de collections mus\u00e9ales, mais l\u2019ensemble est revisit\u00e9 de mani\u00e8re \u00e0 incarner\u2026\t\t\t<\/div>\n\t\t\t<\/div><\/article><\/div><\/div><!-- .obfx-grid-container --><\/div><!-- .obfx-grid -->\t\t\t\t<\/div>\n\t\t\t\t<\/div>\n\t\t\t\t<div class=\"elementor-element elementor-element-49b72d9 elementor-widget elementor-widget-heading\" data-id=\"49b72d9\" data-element_type=\"widget\" data-widget_type=\"heading.default\">\n\t\t\t\t<div class=\"elementor-widget-container\">\n\t\t\t\t\t<h2 class=\"elementor-heading-title elementor-size-default\"><i>2021<\/i><\/h2>\t\t\t\t<\/div>\n\t\t\t\t<\/div>\n\t\t\t\t<div class=\"elementor-element elementor-element-1379865 elementor-widget elementor-widget-obfx-posts-grid\" data-id=\"1379865\" data-element_type=\"widget\" data-widget_type=\"obfx-posts-grid.default\">\n\t\t\t\t<div class=\"elementor-widget-container\">\n\t\t\t\t\t<div class=\"obfx-grid\"><div class=\"obfx-grid-container obfx-grid-mobile-2 obfx-grid-tablet-1 obfx-grid-desktop-2\"><div class=\"obfx-grid-wrapper\"><article class=\"obfx-grid-col\"><div class=\"obfx-grid-col-image\" ><a href=\"http:\/\/www.friville-editions.org\/wordpress\/index.php\/2021\/12\/14\/poesie-administrative\/\" title=\"Po\u00e9sie administrative\"><img loading=\"lazy\" decoding=\"async\" width=\"1366\" height=\"2049\" src=\"http:\/\/www.friville-editions.org\/wordpress\/wp-content\/uploads\/2022\/01\/Web-PoesieAdministrative-DSC00188.jpg\" class=\"img-responsive wp-post-image\" alt=\"Web-PoesieAdministrative-DSC00188\" srcset=\"http:\/\/www.friville-editions.org\/wordpress\/wp-content\/uploads\/2022\/01\/Web-PoesieAdministrative-DSC00188.jpg 1366w, http:\/\/www.friville-editions.org\/wordpress\/wp-content\/uploads\/2022\/01\/Web-PoesieAdministrative-DSC00188-200x300.jpg 200w, http:\/\/www.friville-editions.org\/wordpress\/wp-content\/uploads\/2022\/01\/Web-PoesieAdministrative-DSC00188-683x1024.jpg 683w, http:\/\/www.friville-editions.org\/wordpress\/wp-content\/uploads\/2022\/01\/Web-PoesieAdministrative-DSC00188-768x1152.jpg 768w, http:\/\/www.friville-editions.org\/wordpress\/wp-content\/uploads\/2022\/01\/Web-PoesieAdministrative-DSC00188-1024x1536.jpg 1024w, http:\/\/www.friville-editions.org\/wordpress\/wp-content\/uploads\/2022\/01\/Web-PoesieAdministrative-DSC00188-600x900.jpg 600w\" sizes=\"(max-width: 1366px) 100vw, 1366px\" \/><\/a><\/div><div class=\"obfx-grid-col-content\">\t\t\t<h2 class=\"entry-title obfx-grid-title\">\n\t\t\t\t\t\t\t<a href=\"http:\/\/www.friville-editions.org\/wordpress\/index.php\/2021\/12\/14\/poesie-administrative\/\" title=\"Po\u00e9sie administrative\">\n\t\t\t\t\tPo\u00e9sie administrative\t\t\t\t<\/a>\n\t\t\t\t\t\t\t<\/h2>\n\t\t\t\t\t\t<div class=\"entry-content obfx-grid-content\">\n\t\t\t\tTir\u00e9 \u00e0 500 exemplaires en septembre 2021\t\t\t<\/div>\n\t\t\t<\/div><\/article><\/div><\/div><!-- .obfx-grid-container --><\/div><!-- .obfx-grid -->\t\t\t\t<\/div>\n\t\t\t\t<\/div>\n\t\t\t\t<div class=\"elementor-element elementor-element-09f6de6 elementor-widget elementor-widget-heading\" data-id=\"09f6de6\" data-element_type=\"widget\" data-widget_type=\"heading.default\">\n\t\t\t\t<div class=\"elementor-widget-container\">\n\t\t\t\t\t<h2 class=\"elementor-heading-title elementor-size-default\"><i>2019<\/i><\/h2>\t\t\t\t<\/div>\n\t\t\t\t<\/div>\n\t\t\t\t<div class=\"elementor-element elementor-element-6f07981 elementor-widget elementor-widget-obfx-posts-grid\" data-id=\"6f07981\" data-element_type=\"widget\" data-widget_type=\"obfx-posts-grid.default\">\n\t\t\t\t<div class=\"elementor-widget-container\">\n\t\t\t\t\t<div class=\"obfx-grid\"><div class=\"obfx-grid-container obfx-grid-mobile-2 obfx-grid-tablet-1 obfx-grid-desktop-2\"><div class=\"obfx-grid-wrapper\"><article class=\"obfx-grid-col\"><div class=\"obfx-grid-col-image\" ><a href=\"http:\/\/www.friville-editions.org\/wordpress\/index.php\/2019\/12\/21\/livre-de-poc\/\" title=\"Livre de Poc\"><img loading=\"lazy\" decoding=\"async\" width=\"1024\" height=\"1024\" src=\"http:\/\/www.friville-editions.org\/wordpress\/wp-content\/uploads\/2022\/01\/Web-LivreDePoc-DSC00206.jpg\" class=\"img-responsive wp-post-image\" alt=\"Web-LivreDePoc-DSC00206\" srcset=\"http:\/\/www.friville-editions.org\/wordpress\/wp-content\/uploads\/2022\/01\/Web-LivreDePoc-DSC00206.jpg 1024w, http:\/\/www.friville-editions.org\/wordpress\/wp-content\/uploads\/2022\/01\/Web-LivreDePoc-DSC00206-300x300.jpg 300w, http:\/\/www.friville-editions.org\/wordpress\/wp-content\/uploads\/2022\/01\/Web-LivreDePoc-DSC00206-150x150.jpg 150w, http:\/\/www.friville-editions.org\/wordpress\/wp-content\/uploads\/2022\/01\/Web-LivreDePoc-DSC00206-768x768.jpg 768w, http:\/\/www.friville-editions.org\/wordpress\/wp-content\/uploads\/2022\/01\/Web-LivreDePoc-DSC00206-600x600.jpg 600w, http:\/\/www.friville-editions.org\/wordpress\/wp-content\/uploads\/2022\/01\/Web-LivreDePoc-DSC00206-160x160.jpg 160w\" sizes=\"(max-width: 1024px) 100vw, 1024px\" \/><\/a><\/div><div class=\"obfx-grid-col-content\">\t\t\t<h2 class=\"entry-title obfx-grid-title\">\n\t\t\t\t\t\t\t<a href=\"http:\/\/www.friville-editions.org\/wordpress\/index.php\/2019\/12\/21\/livre-de-poc\/\" title=\"Livre de Poc\">\n\t\t\t\t\tLivre de Poc\t\t\t\t<\/a>\n\t\t\t\t\t\t\t<\/h2>\n\t\t\t\t\t\t<div class=\"entry-content obfx-grid-content\">\n\t\t\t\tTir\u00e9 \u00e0 500 exemplaires en septembre 2021\t\t\t<\/div>\n\t\t\t<\/div><\/article><\/div><\/div><!-- .obfx-grid-container --><\/div><!-- .obfx-grid -->\t\t\t\t<\/div>\n\t\t\t\t<\/div>\n\t\t\t\t<div class=\"elementor-element elementor-element-fea1954 elementor-widget elementor-widget-heading\" data-id=\"fea1954\" data-element_type=\"widget\" data-widget_type=\"heading.default\">\n\t\t\t\t<div class=\"elementor-widget-container\">\n\t\t\t\t\t<h2 class=\"elementor-heading-title elementor-size-default\"><i>2017<\/i><\/h2>\t\t\t\t<\/div>\n\t\t\t\t<\/div>\n\t\t\t\t<div class=\"elementor-element elementor-element-c13e45f elementor-widget elementor-widget-obfx-posts-grid\" data-id=\"c13e45f\" data-element_type=\"widget\" data-widget_type=\"obfx-posts-grid.default\">\n\t\t\t\t<div class=\"elementor-widget-container\">\n\t\t\t\t\t<div class=\"obfx-grid\"><div class=\"obfx-grid-container obfx-grid-mobile-2 obfx-grid-desktop-2\"><div class=\"obfx-grid-wrapper\"><article class=\"obfx-grid-col\"><div class=\"obfx-grid-col-image\" ><a href=\"http:\/\/www.friville-editions.org\/wordpress\/index.php\/2017\/12\/23\/epidermic\/\" title=\"Epidermic\"><img loading=\"lazy\" decoding=\"async\" width=\"1024\" height=\"1024\" src=\"http:\/\/www.friville-editions.org\/wordpress\/wp-content\/uploads\/2022\/01\/Web-Epidermic-DSC00823.jpg\" class=\"img-responsive wp-post-image\" alt=\"Web-Epidermic-DSC00823\" srcset=\"http:\/\/www.friville-editions.org\/wordpress\/wp-content\/uploads\/2022\/01\/Web-Epidermic-DSC00823.jpg 1024w, http:\/\/www.friville-editions.org\/wordpress\/wp-content\/uploads\/2022\/01\/Web-Epidermic-DSC00823-300x300.jpg 300w, http:\/\/www.friville-editions.org\/wordpress\/wp-content\/uploads\/2022\/01\/Web-Epidermic-DSC00823-150x150.jpg 150w, http:\/\/www.friville-editions.org\/wordpress\/wp-content\/uploads\/2022\/01\/Web-Epidermic-DSC00823-768x768.jpg 768w, http:\/\/www.friville-editions.org\/wordpress\/wp-content\/uploads\/2022\/01\/Web-Epidermic-DSC00823-600x600.jpg 600w, http:\/\/www.friville-editions.org\/wordpress\/wp-content\/uploads\/2022\/01\/Web-Epidermic-DSC00823-160x160.jpg 160w\" sizes=\"(max-width: 1024px) 100vw, 1024px\" \/><\/a><\/div><div class=\"obfx-grid-col-content\">\t\t\t<h2 class=\"entry-title obfx-grid-title\">\n\t\t\t\t\t\t\t<a href=\"http:\/\/www.friville-editions.org\/wordpress\/index.php\/2017\/12\/23\/epidermic\/\" title=\"Epidermic\">\n\t\t\t\t\tEpidermic\t\t\t\t<\/a>\n\t\t\t\t\t\t\t<\/h2>\n\t\t\t\t\t\t<div class=\"entry-content obfx-grid-content\">\n\t\t\t\tTir\u00e9 \u00e0 500 exemplaires en septembre 2021\t\t\t<\/div>\n\t\t\t<\/div><\/article><\/div><\/div><!-- .obfx-grid-container --><\/div><!-- .obfx-grid -->\t\t\t\t<\/div>\n\t\t\t\t<\/div>\n\t\t\t\t<div class=\"elementor-element elementor-element-9488487 elementor-widget elementor-widget-heading\" data-id=\"9488487\" data-element_type=\"widget\" data-widget_type=\"heading.default\">\n\t\t\t\t<div class=\"elementor-widget-container\">\n\t\t\t\t\t<h2 class=\"elementor-heading-title elementor-size-default\"><i>2016<\/i><\/h2>\t\t\t\t<\/div>\n\t\t\t\t<\/div>\n\t\t\t\t<div class=\"elementor-element elementor-element-ee4568f elementor-widget elementor-widget-obfx-posts-grid\" data-id=\"ee4568f\" data-element_type=\"widget\" data-widget_type=\"obfx-posts-grid.default\">\n\t\t\t\t<div class=\"elementor-widget-container\">\n\t\t\t\t\t<div class=\"obfx-grid\"><div class=\"obfx-grid-container obfx-grid-mobile-2 obfx-grid-tablet-1 obfx-grid-desktop-2\"><div class=\"obfx-grid-wrapper\"><article class=\"obfx-grid-col\"><div class=\"obfx-grid-col-image\" ><a href=\"http:\/\/www.friville-editions.org\/wordpress\/index.php\/2016\/12\/23\/instantanes-du-batiment-f\/\" title=\"Instantan\u00e9s du b\u00e2timent F\"><img loading=\"lazy\" decoding=\"async\" width=\"1130\" height=\"1366\" src=\"http:\/\/www.friville-editions.org\/wordpress\/wp-content\/uploads\/2022\/01\/Web-InstantanesBatimentF-DSC00884.jpg\" class=\"img-responsive wp-post-image\" alt=\"Web-InstantanesBatimentF-DSC00884\" srcset=\"http:\/\/www.friville-editions.org\/wordpress\/wp-content\/uploads\/2022\/01\/Web-InstantanesBatimentF-DSC00884.jpg 1130w, http:\/\/www.friville-editions.org\/wordpress\/wp-content\/uploads\/2022\/01\/Web-InstantanesBatimentF-DSC00884-248x300.jpg 248w, http:\/\/www.friville-editions.org\/wordpress\/wp-content\/uploads\/2022\/01\/Web-InstantanesBatimentF-DSC00884-847x1024.jpg 847w, http:\/\/www.friville-editions.org\/wordpress\/wp-content\/uploads\/2022\/01\/Web-InstantanesBatimentF-DSC00884-768x928.jpg 768w, http:\/\/www.friville-editions.org\/wordpress\/wp-content\/uploads\/2022\/01\/Web-InstantanesBatimentF-DSC00884-600x725.jpg 600w\" sizes=\"(max-width: 1130px) 100vw, 1130px\" \/><\/a><\/div><div class=\"obfx-grid-col-content\">\t\t\t<h2 class=\"entry-title obfx-grid-title\">\n\t\t\t\t\t\t\t<a href=\"http:\/\/www.friville-editions.org\/wordpress\/index.php\/2016\/12\/23\/instantanes-du-batiment-f\/\" title=\"Instantan\u00e9s du b\u00e2timent F\">\n\t\t\t\t\tInstantan\u00e9s du b\u00e2timent F\t\t\t\t<\/a>\n\t\t\t\t\t\t\t<\/h2>\n\t\t\t\t\t\t<div class=\"entry-content obfx-grid-content\">\n\t\t\t\tRecueil sous forme de leporello de 18 volets, Friville \u00e9ditions,\t\t\t<\/div>\n\t\t\t<\/div><\/article><\/div><div class=\"obfx-grid-wrapper\"><article class=\"obfx-grid-col\"><div class=\"obfx-grid-col-image\" ><a href=\"http:\/\/www.friville-editions.org\/wordpress\/index.php\/2016\/12\/21\/les-escaliers-sont-en-papier\/\" title=\"Les escaliers sont en papier\"><img loading=\"lazy\" decoding=\"async\" width=\"458\" height=\"458\" src=\"http:\/\/www.friville-editions.org\/wordpress\/wp-content\/uploads\/2021\/03\/LesEscaliersSontEnPapier.png\" class=\"img-responsive wp-post-image\" alt=\"LesEscaliersSontEnPapier\" srcset=\"http:\/\/www.friville-editions.org\/wordpress\/wp-content\/uploads\/2021\/03\/LesEscaliersSontEnPapier.png 458w, http:\/\/www.friville-editions.org\/wordpress\/wp-content\/uploads\/2021\/03\/LesEscaliersSontEnPapier-300x300.png 300w, http:\/\/www.friville-editions.org\/wordpress\/wp-content\/uploads\/2021\/03\/LesEscaliersSontEnPapier-150x150.png 150w, http:\/\/www.friville-editions.org\/wordpress\/wp-content\/uploads\/2021\/03\/LesEscaliersSontEnPapier-160x160.png 160w\" sizes=\"(max-width: 458px) 100vw, 458px\" \/><\/a><\/div><div class=\"obfx-grid-col-content\">\t\t\t<h2 class=\"entry-title obfx-grid-title\">\n\t\t\t\t\t\t\t<a href=\"http:\/\/www.friville-editions.org\/wordpress\/index.php\/2016\/12\/21\/les-escaliers-sont-en-papier\/\" title=\"Les escaliers sont en papier\">\n\t\t\t\t\tLes escaliers sont en papier\t\t\t\t<\/a>\n\t\t\t\t\t\t\t<\/h2>\n\t\t\t\t\t\t<div class=\"entry-content obfx-grid-content\">\n\t\t\t\tKaterina Christidi travaille le noir. Elle emploie les outils du peintre pour faire ses dessins.\t\t\t<\/div>\n\t\t\t<\/div><\/article><\/div><div class=\"obfx-grid-wrapper\"><article class=\"obfx-grid-col\"><div class=\"obfx-grid-col-image\" ><a href=\"http:\/\/www.friville-editions.org\/wordpress\/index.php\/2016\/12\/21\/les-avancees-de-lart-multiplie-colloque\/\" title=\"Les avanc\u00e9es de l&rsquo;art multipli\u00e9 (colloque)\"><img loading=\"lazy\" decoding=\"async\" width=\"1366\" height=\"911\" src=\"http:\/\/www.friville-editions.org\/wordpress\/wp-content\/uploads\/2022\/01\/Web-LesAvancesDeLArtMultiplie-DSC00361.jpg\" class=\"img-responsive wp-post-image\" alt=\"Web-LesAvancesDeLArtMultiplie-DSC00361\" srcset=\"http:\/\/www.friville-editions.org\/wordpress\/wp-content\/uploads\/2022\/01\/Web-LesAvancesDeLArtMultiplie-DSC00361.jpg 1366w, http:\/\/www.friville-editions.org\/wordpress\/wp-content\/uploads\/2022\/01\/Web-LesAvancesDeLArtMultiplie-DSC00361-300x200.jpg 300w, http:\/\/www.friville-editions.org\/wordpress\/wp-content\/uploads\/2022\/01\/Web-LesAvancesDeLArtMultiplie-DSC00361-1024x683.jpg 1024w, http:\/\/www.friville-editions.org\/wordpress\/wp-content\/uploads\/2022\/01\/Web-LesAvancesDeLArtMultiplie-DSC00361-768x512.jpg 768w, http:\/\/www.friville-editions.org\/wordpress\/wp-content\/uploads\/2022\/01\/Web-LesAvancesDeLArtMultiplie-DSC00361-360x240.jpg 360w, http:\/\/www.friville-editions.org\/wordpress\/wp-content\/uploads\/2022\/01\/Web-LesAvancesDeLArtMultiplie-DSC00361-600x400.jpg 600w\" sizes=\"(max-width: 1366px) 100vw, 1366px\" \/><\/a><\/div><div class=\"obfx-grid-col-content\">\t\t\t<h2 class=\"entry-title obfx-grid-title\">\n\t\t\t\t\t\t\t<a href=\"http:\/\/www.friville-editions.org\/wordpress\/index.php\/2016\/12\/21\/les-avancees-de-lart-multiplie-colloque\/\" title=\"Les avanc\u00e9es de l&rsquo;art multipli\u00e9 (colloque)\">\n\t\t\t\t\tLes avanc\u00e9es de l&rsquo;art multipli\u00e9 (colloque)\t\t\t\t<\/a>\n\t\t\t\t\t\t\t<\/h2>\n\t\t\t\t\t\t<div class=\"entry-content obfx-grid-content\">\n\t\t\t\tRegards crois\u00e9s sur l'art multipli\u00e9 mat\u00e9riel et immat\u00e9riel du 21\u00e8me si\u00e8cle. Mars 2017\t\t\t<\/div>\n\t\t\t<\/div><\/article><\/div><\/div><!-- .obfx-grid-container --><\/div><!-- .obfx-grid -->\t\t\t\t<\/div>\n\t\t\t\t<\/div>\n\t\t\t\t<div class=\"elementor-element elementor-element-bb0a334 elementor-widget elementor-widget-heading\" data-id=\"bb0a334\" data-element_type=\"widget\" data-widget_type=\"heading.default\">\n\t\t\t\t<div class=\"elementor-widget-container\">\n\t\t\t\t\t<h2 class=\"elementor-heading-title elementor-size-default\"><i>2014<\/i><\/h2>\t\t\t\t<\/div>\n\t\t\t\t<\/div>\n\t\t\t\t<div class=\"elementor-element elementor-element-8a382d6 elementor-widget elementor-widget-obfx-posts-grid\" data-id=\"8a382d6\" data-element_type=\"widget\" data-widget_type=\"obfx-posts-grid.default\">\n\t\t\t\t<div class=\"elementor-widget-container\">\n\t\t\t\t\t<div class=\"obfx-grid\"><div class=\"obfx-grid-container obfx-grid-mobile-2 obfx-grid-tablet-1 obfx-grid-desktop-2\"><div class=\"obfx-grid-wrapper\"><article class=\"obfx-grid-col\"><div class=\"obfx-grid-col-image\" ><a href=\"http:\/\/www.friville-editions.org\/wordpress\/index.php\/2014\/12\/25\/5013-coffret-de-3-livres\/\" title=\"50+13-coffret de 3 livres\"><img loading=\"lazy\" decoding=\"async\" width=\"458\" height=\"458\" src=\"http:\/\/www.friville-editions.org\/wordpress\/wp-content\/uploads\/2021\/03\/5013Portraits.png\" class=\"img-responsive wp-post-image\" alt=\"50+13Portraits\" srcset=\"http:\/\/www.friville-editions.org\/wordpress\/wp-content\/uploads\/2021\/03\/5013Portraits.png 458w, http:\/\/www.friville-editions.org\/wordpress\/wp-content\/uploads\/2021\/03\/5013Portraits-300x300.png 300w, http:\/\/www.friville-editions.org\/wordpress\/wp-content\/uploads\/2021\/03\/5013Portraits-150x150.png 150w, http:\/\/www.friville-editions.org\/wordpress\/wp-content\/uploads\/2021\/03\/5013Portraits-160x160.png 160w\" sizes=\"(max-width: 458px) 100vw, 458px\" \/><\/a><\/div><div class=\"obfx-grid-col-content\">\t\t\t<h2 class=\"entry-title obfx-grid-title\">\n\t\t\t\t\t\t\t<a href=\"http:\/\/www.friville-editions.org\/wordpress\/index.php\/2014\/12\/25\/5013-coffret-de-3-livres\/\" title=\"50+13-coffret de 3 livres\">\n\t\t\t\t\t50+13-coffret de 3 livres\t\t\t\t<\/a>\n\t\t\t\t\t\t\t<\/h2>\n\t\t\t\t\t\t<div class=\"entry-content obfx-grid-content\">\n\t\t\t\t2 ouvrages relatent les deux \u00e9tapes du processus de cr\u00e9ation des portraits\t\t\t<\/div>\n\t\t\t<\/div><\/article><\/div><div class=\"obfx-grid-wrapper\"><article class=\"obfx-grid-col\"><div class=\"obfx-grid-col-image\" ><a href=\"http:\/\/www.friville-editions.org\/wordpress\/index.php\/2014\/12\/23\/anonymes\/\" title=\"Anonymes\"><img loading=\"lazy\" decoding=\"async\" width=\"1000\" height=\"911\" src=\"http:\/\/www.friville-editions.org\/wordpress\/wp-content\/uploads\/2021\/03\/AnonymesWeb.jpg\" class=\"img-responsive wp-post-image\" alt=\"AnonymesWeb\" srcset=\"http:\/\/www.friville-editions.org\/wordpress\/wp-content\/uploads\/2021\/03\/AnonymesWeb.jpg 1000w, http:\/\/www.friville-editions.org\/wordpress\/wp-content\/uploads\/2021\/03\/AnonymesWeb-300x273.jpg 300w, http:\/\/www.friville-editions.org\/wordpress\/wp-content\/uploads\/2021\/03\/AnonymesWeb-768x700.jpg 768w, http:\/\/www.friville-editions.org\/wordpress\/wp-content\/uploads\/2021\/03\/AnonymesWeb-600x547.jpg 600w\" sizes=\"(max-width: 1000px) 100vw, 1000px\" \/><\/a><\/div><div class=\"obfx-grid-col-content\">\t\t\t<h2 class=\"entry-title obfx-grid-title\">\n\t\t\t\t\t\t\t<a href=\"http:\/\/www.friville-editions.org\/wordpress\/index.php\/2014\/12\/23\/anonymes\/\" title=\"Anonymes\">\n\t\t\t\t\tAnonymes\t\t\t\t<\/a>\n\t\t\t\t\t\t\t<\/h2>\n\t\t\t\t\t\t<div class=\"entry-content obfx-grid-content\">\n\t\t\t\tLeporello\t\t\t<\/div>\n\t\t\t<\/div><\/article><\/div><\/div><!-- .obfx-grid-container --><\/div><!-- .obfx-grid -->\t\t\t\t<\/div>\n\t\t\t\t<\/div>\n\t\t\t\t\t<\/div>\n\t\t<\/div>\n\t\t\t\t<div class=\"elementor-column elementor-col-50 elementor-top-column elementor-element elementor-element-a3ff5d6\" data-id=\"a3ff5d6\" data-element_type=\"column\" data-settings=\"{&quot;background_background&quot;:&quot;classic&quot;}\">\n\t\t\t<div class=\"elementor-widget-wrap elementor-element-populated\">\n\t\t\t\t\t\t<div class=\"elementor-element elementor-element-9414678 elementor-widget elementor-widget-heading\" data-id=\"9414678\" data-element_type=\"widget\" data-widget_type=\"heading.default\">\n\t\t\t\t<div class=\"elementor-widget-container\">\n\t\t\t\t\t<h2 class=\"elementor-heading-title elementor-size-default\"><i>2013<\/i><\/h2>\t\t\t\t<\/div>\n\t\t\t\t<\/div>\n\t\t\t\t<div class=\"elementor-element elementor-element-acbdf7b elementor-widget elementor-widget-obfx-posts-grid\" data-id=\"acbdf7b\" data-element_type=\"widget\" data-widget_type=\"obfx-posts-grid.default\">\n\t\t\t\t<div class=\"elementor-widget-container\">\n\t\t\t\t\t<div class=\"obfx-grid\"><div class=\"obfx-grid-container obfx-grid-mobile-2 obfx-grid-tablet-1 obfx-grid-desktop-2\"><div class=\"obfx-grid-wrapper\"><article class=\"obfx-grid-col\"><div class=\"obfx-grid-col-image\" ><a href=\"http:\/\/www.friville-editions.org\/wordpress\/index.php\/2013\/12\/25\/la-fureur-de-leternuement\/\" title=\"La fureur de l&rsquo;\u00e9ternuement\"><img loading=\"lazy\" decoding=\"async\" width=\"700\" height=\"700\" src=\"http:\/\/www.friville-editions.org\/wordpress\/wp-content\/uploads\/2021\/03\/DSCF0846.jpg\" class=\"img-responsive wp-post-image\" alt=\"DSCF0846\" srcset=\"http:\/\/www.friville-editions.org\/wordpress\/wp-content\/uploads\/2021\/03\/DSCF0846.jpg 700w, http:\/\/www.friville-editions.org\/wordpress\/wp-content\/uploads\/2021\/03\/DSCF0846-300x300.jpg 300w, http:\/\/www.friville-editions.org\/wordpress\/wp-content\/uploads\/2021\/03\/DSCF0846-150x150.jpg 150w, http:\/\/www.friville-editions.org\/wordpress\/wp-content\/uploads\/2021\/03\/DSCF0846-600x600.jpg 600w, http:\/\/www.friville-editions.org\/wordpress\/wp-content\/uploads\/2021\/03\/DSCF0846-160x160.jpg 160w\" sizes=\"(max-width: 700px) 100vw, 700px\" \/><\/a><\/div><div class=\"obfx-grid-col-content\">\t\t\t<h2 class=\"entry-title obfx-grid-title\">\n\t\t\t\t\t\t\t<a href=\"http:\/\/www.friville-editions.org\/wordpress\/index.php\/2013\/12\/25\/la-fureur-de-leternuement\/\" title=\"La fureur de l&rsquo;\u00e9ternuement\">\n\t\t\t\t\tLa fureur de l&rsquo;\u00e9ternuement\t\t\t\t<\/a>\n\t\t\t\t\t\t\t<\/h2>\n\t\t\t\t\t\t<div class=\"entry-content obfx-grid-content\">\n\t\t\t\tLa cr\u00e9ation de ce livre est le r\u00e9sultat d\u2019un dialogue que nous avons voulu engager en se donnant pour cadre plusieurs exigences\t\t\t<\/div>\n\t\t\t<\/div><\/article><\/div><div class=\"obfx-grid-wrapper\"><article class=\"obfx-grid-col\"><div class=\"obfx-grid-col-image\" ><a href=\"http:\/\/www.friville-editions.org\/wordpress\/index.php\/2013\/12\/25\/vingt-cinq-portes\/\" title=\"Vingt-cinq portes\"><img loading=\"lazy\" decoding=\"async\" width=\"911\" height=\"1366\" src=\"http:\/\/www.friville-editions.org\/wordpress\/wp-content\/uploads\/2022\/01\/Web-25Portes-DSC00230.jpg\" class=\"img-responsive wp-post-image\" alt=\"Web-25Portes-DSC00230\" srcset=\"http:\/\/www.friville-editions.org\/wordpress\/wp-content\/uploads\/2022\/01\/Web-25Portes-DSC00230.jpg 911w, http:\/\/www.friville-editions.org\/wordpress\/wp-content\/uploads\/2022\/01\/Web-25Portes-DSC00230-200x300.jpg 200w, http:\/\/www.friville-editions.org\/wordpress\/wp-content\/uploads\/2022\/01\/Web-25Portes-DSC00230-683x1024.jpg 683w, http:\/\/www.friville-editions.org\/wordpress\/wp-content\/uploads\/2022\/01\/Web-25Portes-DSC00230-768x1152.jpg 768w, http:\/\/www.friville-editions.org\/wordpress\/wp-content\/uploads\/2022\/01\/Web-25Portes-DSC00230-600x900.jpg 600w\" sizes=\"(max-width: 911px) 100vw, 911px\" \/><\/a><\/div><div class=\"obfx-grid-col-content\">\t\t\t<h2 class=\"entry-title obfx-grid-title\">\n\t\t\t\t\t\t\t<a href=\"http:\/\/www.friville-editions.org\/wordpress\/index.php\/2013\/12\/25\/vingt-cinq-portes\/\" title=\"Vingt-cinq portes\">\n\t\t\t\t\tVingt-cinq portes\t\t\t\t<\/a>\n\t\t\t\t\t\t\t<\/h2>\n\t\t\t\t\t\t<div class=\"entry-content obfx-grid-content\">\n\t\t\t\tisbn : 978-2-9537732-8-6\t\t\t<\/div>\n\t\t\t<\/div><\/article><\/div><div class=\"obfx-grid-wrapper\"><article class=\"obfx-grid-col\"><div class=\"obfx-grid-col-image\" ><a href=\"http:\/\/www.friville-editions.org\/wordpress\/index.php\/2013\/12\/25\/identite-de-genre\/\" title=\"Identit\u00e9 de genre\"><img loading=\"lazy\" decoding=\"async\" width=\"1366\" height=\"1366\" src=\"http:\/\/www.friville-editions.org\/wordpress\/wp-content\/uploads\/2022\/01\/Web-IdentiteDeGenre-DSC00844.jpg\" class=\"img-responsive wp-post-image\" alt=\"Web-IdentiteDeGenre-DSC00844\" srcset=\"http:\/\/www.friville-editions.org\/wordpress\/wp-content\/uploads\/2022\/01\/Web-IdentiteDeGenre-DSC00844.jpg 1366w, http:\/\/www.friville-editions.org\/wordpress\/wp-content\/uploads\/2022\/01\/Web-IdentiteDeGenre-DSC00844-300x300.jpg 300w, http:\/\/www.friville-editions.org\/wordpress\/wp-content\/uploads\/2022\/01\/Web-IdentiteDeGenre-DSC00844-1024x1024.jpg 1024w, http:\/\/www.friville-editions.org\/wordpress\/wp-content\/uploads\/2022\/01\/Web-IdentiteDeGenre-DSC00844-150x150.jpg 150w, http:\/\/www.friville-editions.org\/wordpress\/wp-content\/uploads\/2022\/01\/Web-IdentiteDeGenre-DSC00844-768x768.jpg 768w, http:\/\/www.friville-editions.org\/wordpress\/wp-content\/uploads\/2022\/01\/Web-IdentiteDeGenre-DSC00844-600x600.jpg 600w, http:\/\/www.friville-editions.org\/wordpress\/wp-content\/uploads\/2022\/01\/Web-IdentiteDeGenre-DSC00844-160x160.jpg 160w\" sizes=\"(max-width: 1366px) 100vw, 1366px\" \/><\/a><\/div><div class=\"obfx-grid-col-content\">\t\t\t<h2 class=\"entry-title obfx-grid-title\">\n\t\t\t\t\t\t\t<a href=\"http:\/\/www.friville-editions.org\/wordpress\/index.php\/2013\/12\/25\/identite-de-genre\/\" title=\"Identit\u00e9 de genre\">\n\t\t\t\t\tIdentit\u00e9 de genre\t\t\t\t<\/a>\n\t\t\t\t\t\t\t<\/h2>\n\t\t\t\t\t\t<div class=\"entry-content obfx-grid-content\">\n\t\t\t\t23 artistes ont accept\u00e9 de participer \u00e0 cette aventure collective et itin\u00e9rante en France. Pourquoi 23, pas 17 ou 25, voire 29 ???\t\t\t<\/div>\n\t\t\t<\/div><\/article><\/div><\/div><!-- .obfx-grid-container --><\/div><!-- .obfx-grid -->\t\t\t\t<\/div>\n\t\t\t\t<\/div>\n\t\t\t\t<div class=\"elementor-element elementor-element-c11fd07 elementor-widget elementor-widget-spacer\" data-id=\"c11fd07\" data-element_type=\"widget\" data-widget_type=\"spacer.default\">\n\t\t\t\t<div class=\"elementor-widget-container\">\n\t\t\t\t\t\t\t<div class=\"elementor-spacer\">\n\t\t\t<div class=\"elementor-spacer-inner\"><\/div>\n\t\t<\/div>\n\t\t\t\t\t\t<\/div>\n\t\t\t\t<\/div>\n\t\t\t\t<div class=\"elementor-element elementor-element-bdbd3e3 elementor-widget elementor-widget-heading\" data-id=\"bdbd3e3\" data-element_type=\"widget\" data-widget_type=\"heading.default\">\n\t\t\t\t<div class=\"elementor-widget-container\">\n\t\t\t\t\t<h2 class=\"elementor-heading-title elementor-size-default\"><i>2012<\/i><\/h2>\t\t\t\t<\/div>\n\t\t\t\t<\/div>\n\t\t\t\t<div class=\"elementor-element elementor-element-ccac7f1 elementor-widget elementor-widget-obfx-posts-grid\" data-id=\"ccac7f1\" data-element_type=\"widget\" data-widget_type=\"obfx-posts-grid.default\">\n\t\t\t\t<div class=\"elementor-widget-container\">\n\t\t\t\t\t<div class=\"obfx-grid\"><div class=\"obfx-grid-container obfx-grid-mobile-2 obfx-grid-tablet-1 obfx-grid-desktop-2\"><div class=\"obfx-grid-wrapper\"><article class=\"obfx-grid-col\"><div class=\"obfx-grid-col-image\" ><a href=\"http:\/\/www.friville-editions.org\/wordpress\/index.php\/2012\/12\/25\/paumes-de-mains-plantes-de-pieds\/\" title=\"Paumes de mains, plantes de pieds\"><img loading=\"lazy\" decoding=\"async\" width=\"1366\" height=\"911\" src=\"http:\/\/www.friville-editions.org\/wordpress\/wp-content\/uploads\/2022\/01\/Web-PaumesDeMains-DSC00880.jpg\" class=\"img-responsive wp-post-image\" alt=\"Web-PaumesDeMains-DSC00880\" srcset=\"http:\/\/www.friville-editions.org\/wordpress\/wp-content\/uploads\/2022\/01\/Web-PaumesDeMains-DSC00880.jpg 1366w, http:\/\/www.friville-editions.org\/wordpress\/wp-content\/uploads\/2022\/01\/Web-PaumesDeMains-DSC00880-300x200.jpg 300w, http:\/\/www.friville-editions.org\/wordpress\/wp-content\/uploads\/2022\/01\/Web-PaumesDeMains-DSC00880-1024x683.jpg 1024w, http:\/\/www.friville-editions.org\/wordpress\/wp-content\/uploads\/2022\/01\/Web-PaumesDeMains-DSC00880-768x512.jpg 768w, http:\/\/www.friville-editions.org\/wordpress\/wp-content\/uploads\/2022\/01\/Web-PaumesDeMains-DSC00880-360x240.jpg 360w, http:\/\/www.friville-editions.org\/wordpress\/wp-content\/uploads\/2022\/01\/Web-PaumesDeMains-DSC00880-600x400.jpg 600w\" sizes=\"(max-width: 1366px) 100vw, 1366px\" \/><\/a><\/div><div class=\"obfx-grid-col-content\">\t\t\t<h2 class=\"entry-title obfx-grid-title\">\n\t\t\t\t\t\t\t<a href=\"http:\/\/www.friville-editions.org\/wordpress\/index.php\/2012\/12\/25\/paumes-de-mains-plantes-de-pieds\/\" title=\"Paumes de mains, plantes de pieds\">\n\t\t\t\t\tPaumes de mains, plantes de pieds\t\t\t\t<\/a>\n\t\t\t\t\t\t\t<\/h2>\n\t\t\t\t\t\t<div class=\"entry-content obfx-grid-content\">\n\t\t\t\tTexte de Jean-Pierre Verheggen\t\t\t<\/div>\n\t\t\t<\/div><\/article><\/div><div class=\"obfx-grid-wrapper\"><article class=\"obfx-grid-col\"><div class=\"obfx-grid-col-image\" ><a href=\"http:\/\/www.friville-editions.org\/wordpress\/index.php\/2012\/12\/25\/souvenirs-colores-du-batiment-f\/\" title=\"Souvenirs color\u00e9s du b\u00e2timent F\"><img loading=\"lazy\" decoding=\"async\" width=\"911\" height=\"1366\" src=\"http:\/\/www.friville-editions.org\/wordpress\/wp-content\/uploads\/2022\/01\/Web-SouvenirsColores-Cosnefroy-DSC00079.jpg\" class=\"img-responsive wp-post-image\" alt=\"Web-SouvenirsColores-Cosnefroy-DSC00079\" srcset=\"http:\/\/www.friville-editions.org\/wordpress\/wp-content\/uploads\/2022\/01\/Web-SouvenirsColores-Cosnefroy-DSC00079.jpg 911w, http:\/\/www.friville-editions.org\/wordpress\/wp-content\/uploads\/2022\/01\/Web-SouvenirsColores-Cosnefroy-DSC00079-200x300.jpg 200w, http:\/\/www.friville-editions.org\/wordpress\/wp-content\/uploads\/2022\/01\/Web-SouvenirsColores-Cosnefroy-DSC00079-683x1024.jpg 683w, http:\/\/www.friville-editions.org\/wordpress\/wp-content\/uploads\/2022\/01\/Web-SouvenirsColores-Cosnefroy-DSC00079-768x1152.jpg 768w, http:\/\/www.friville-editions.org\/wordpress\/wp-content\/uploads\/2022\/01\/Web-SouvenirsColores-Cosnefroy-DSC00079-600x900.jpg 600w\" sizes=\"(max-width: 911px) 100vw, 911px\" \/><\/a><\/div><div class=\"obfx-grid-col-content\">\t\t\t<h2 class=\"entry-title obfx-grid-title\">\n\t\t\t\t\t\t\t<a href=\"http:\/\/www.friville-editions.org\/wordpress\/index.php\/2012\/12\/25\/souvenirs-colores-du-batiment-f\/\" title=\"Souvenirs color\u00e9s du b\u00e2timent F\">\n\t\t\t\t\tSouvenirs color\u00e9s du b\u00e2timent F\t\t\t\t<\/a>\n\t\t\t\t\t\t\t<\/h2>\n\t\t\t\t\t\t<div class=\"entry-content obfx-grid-content\">\n\t\t\t\tParoles d'habitants du Petit Nanterre\t\t\t<\/div>\n\t\t\t<\/div><\/article><\/div><\/div><!-- .obfx-grid-container --><\/div><!-- .obfx-grid -->\t\t\t\t<\/div>\n\t\t\t\t<\/div>\n\t\t\t\t<div class=\"elementor-element elementor-element-6763f79 elementor-widget elementor-widget-heading\" data-id=\"6763f79\" data-element_type=\"widget\" data-widget_type=\"heading.default\">\n\t\t\t\t<div class=\"elementor-widget-container\">\n\t\t\t\t\t<h2 class=\"elementor-heading-title elementor-size-default\"><i>2011<\/i><\/h2>\t\t\t\t<\/div>\n\t\t\t\t<\/div>\n\t\t\t\t<div class=\"elementor-element elementor-element-685a57c elementor-widget elementor-widget-spacer\" data-id=\"685a57c\" data-element_type=\"widget\" data-widget_type=\"spacer.default\">\n\t\t\t\t<div class=\"elementor-widget-container\">\n\t\t\t\t\t\t\t<div class=\"elementor-spacer\">\n\t\t\t<div class=\"elementor-spacer-inner\"><\/div>\n\t\t<\/div>\n\t\t\t\t\t\t<\/div>\n\t\t\t\t<\/div>\n\t\t\t\t<div class=\"elementor-element elementor-element-38411e9 elementor-widget elementor-widget-obfx-posts-grid\" data-id=\"38411e9\" data-element_type=\"widget\" data-widget_type=\"obfx-posts-grid.default\">\n\t\t\t\t<div class=\"elementor-widget-container\">\n\t\t\t\t\t<div class=\"obfx-grid\"><div class=\"obfx-grid-container obfx-grid-mobile-2 obfx-grid-tablet-1 obfx-grid-desktop-2\"><div class=\"obfx-grid-wrapper\"><article class=\"obfx-grid-col\"><div class=\"obfx-grid-col-image\" ><a href=\"http:\/\/www.friville-editions.org\/wordpress\/index.php\/2011\/12\/25\/schuhe-chaussures\/\" title=\"Schuhe-Chaussures\"><img loading=\"lazy\" decoding=\"async\" width=\"1366\" height=\"747\" src=\"http:\/\/www.friville-editions.org\/wordpress\/wp-content\/uploads\/2022\/01\/Web-Schuhe-Chaussures-DSC00358.jpg\" class=\"img-responsive wp-post-image\" alt=\"Web-Schuhe-Chaussures-DSC00358\" srcset=\"http:\/\/www.friville-editions.org\/wordpress\/wp-content\/uploads\/2022\/01\/Web-Schuhe-Chaussures-DSC00358.jpg 1366w, http:\/\/www.friville-editions.org\/wordpress\/wp-content\/uploads\/2022\/01\/Web-Schuhe-Chaussures-DSC00358-300x164.jpg 300w, http:\/\/www.friville-editions.org\/wordpress\/wp-content\/uploads\/2022\/01\/Web-Schuhe-Chaussures-DSC00358-1024x560.jpg 1024w, http:\/\/www.friville-editions.org\/wordpress\/wp-content\/uploads\/2022\/01\/Web-Schuhe-Chaussures-DSC00358-768x420.jpg 768w, http:\/\/www.friville-editions.org\/wordpress\/wp-content\/uploads\/2022\/01\/Web-Schuhe-Chaussures-DSC00358-600x328.jpg 600w\" sizes=\"(max-width: 1366px) 100vw, 1366px\" \/><\/a><\/div><div class=\"obfx-grid-col-content\">\t\t\t<h2 class=\"entry-title obfx-grid-title\">\n\t\t\t\t\t\t\t<a href=\"http:\/\/www.friville-editions.org\/wordpress\/index.php\/2011\/12\/25\/schuhe-chaussures\/\" title=\"Schuhe-Chaussures\">\n\t\t\t\t\tSchuhe-Chaussures\t\t\t\t<\/a>\n\t\t\t\t\t\t\t<\/h2>\n\t\t\t\t\t\t<div class=\"entry-content obfx-grid-content\">\n\t\t\t\tElles prot\u00e8gent, elles sont des compagnes au go\u00fbt du jour.\t\t\t<\/div>\n\t\t\t<\/div><\/article><\/div><\/div><!-- .obfx-grid-container --><\/div><!-- .obfx-grid -->\t\t\t\t<\/div>\n\t\t\t\t<\/div>\n\t\t\t\t<div class=\"elementor-element elementor-element-15c3589 elementor-widget elementor-widget-heading\" data-id=\"15c3589\" data-element_type=\"widget\" data-widget_type=\"heading.default\">\n\t\t\t\t<div class=\"elementor-widget-container\">\n\t\t\t\t\t<h2 class=\"elementor-heading-title elementor-size-default\"><i>2010<\/i><\/h2>\t\t\t\t<\/div>\n\t\t\t\t<\/div>\n\t\t\t\t<div class=\"elementor-element elementor-element-9751459 elementor-widget elementor-widget-obfx-posts-grid\" data-id=\"9751459\" data-element_type=\"widget\" data-widget_type=\"obfx-posts-grid.default\">\n\t\t\t\t<div class=\"elementor-widget-container\">\n\t\t\t\t\t<div class=\"obfx-grid\"><div class=\"obfx-grid-container obfx-grid-mobile-2 obfx-grid-tablet-1 obfx-grid-desktop-2\"><div class=\"obfx-grid-wrapper\"><article class=\"obfx-grid-col\"><div class=\"obfx-grid-col-image\" ><a href=\"http:\/\/www.friville-editions.org\/wordpress\/index.php\/2010\/12\/25\/trou-type\/\" title=\"Trou-Type de Dominique De Beir\"><img loading=\"lazy\" decoding=\"async\" width=\"404\" height=\"553\" src=\"http:\/\/www.friville-editions.org\/wordpress\/wp-content\/uploads\/2021\/03\/Trou-Type.png\" class=\"img-responsive wp-post-image\" alt=\"Trou-Type\" srcset=\"http:\/\/www.friville-editions.org\/wordpress\/wp-content\/uploads\/2021\/03\/Trou-Type.png 404w, http:\/\/www.friville-editions.org\/wordpress\/wp-content\/uploads\/2021\/03\/Trou-Type-219x300.png 219w\" sizes=\"(max-width: 404px) 100vw, 404px\" \/><\/a><\/div><div class=\"obfx-grid-col-content\">\t\t\t<h2 class=\"entry-title obfx-grid-title\">\n\t\t\t\t\t\t\t<a href=\"http:\/\/www.friville-editions.org\/wordpress\/index.php\/2010\/12\/25\/trou-type\/\" title=\"Trou-Type de Dominique De Beir\">\n\t\t\t\t\tTrou-Type de Dominique De Beir\t\t\t\t<\/a>\n\t\t\t\t\t\t\t<\/h2>\n\t\t\t\t\t\t<div class=\"entry-content obfx-grid-content\">\n\t\t\t\tFruit d\u2019une collaboration entre le po\u00e8te Charles Pennequin et la plasticienne Dominique De Beir est le premier ouvrage soutenu et publi\u00e9 par\u00a0Friville-Editions.\t\t\t<\/div>\n\t\t\t<\/div><\/article><\/div><\/div><!-- .obfx-grid-container --><\/div><!-- .obfx-grid -->\t\t\t\t<\/div>\n\t\t\t\t<\/div>\n\t\t\t\t\t<\/div>\n\t\t<\/div>\n\t\t\t\t\t<\/div>\n\t\t<\/section>\n\t\t\t\t<section class=\"elementor-section elementor-top-section elementor-element elementor-element-c67030a elementor-section-boxed elementor-section-height-default elementor-section-height-default\" data-id=\"c67030a\" data-element_type=\"section\">\n\t\t\t\t\t\t<div class=\"elementor-container elementor-column-gap-default\">\n\t\t\t\t\t<div class=\"elementor-column elementor-col-100 elementor-top-column elementor-element elementor-element-214e79d\" data-id=\"214e79d\" data-element_type=\"column\">\n\t\t\t<div class=\"elementor-widget-wrap elementor-element-populated\">\n\t\t\t\t\t\t<div class=\"elementor-element elementor-element-2ffe6a6 elementor-widget elementor-widget-spacer\" data-id=\"2ffe6a6\" data-element_type=\"widget\" data-widget_type=\"spacer.default\">\n\t\t\t\t<div class=\"elementor-widget-container\">\n\t\t\t\t\t\t\t<div class=\"elementor-spacer\">\n\t\t\t<div class=\"elementor-spacer-inner\"><\/div>\n\t\t<\/div>\n\t\t\t\t\t\t<\/div>\n\t\t\t\t<\/div>\n\t\t\t\t\t<\/div>\n\t\t<\/div>\n\t\t\t\t\t<\/div>\n\t\t<\/section>\n\t\t\t\t<\/div>\n\t\t","protected":false},"excerpt":{"rendered":"<p>au-del\u00e0 des collections 2024 Ad Libitum de St\u00e9phanie Guglielmetti Le temps ne s\u2019organise plus : il se disperse, se trouble, \u00e9chappe. Il devient mati\u00e8re instable, travers\u00e9e par l\u2019air, le hasard, l\u2019impr\u00e9visible. VILLEJUIF de A \u00e0 Z de Heidi Wood VILLEJUIF de A \u00e0 Z Heidi Wood EN CHANTIER COMME LA [&hellip;]<\/p>\n","protected":false},"author":1,"featured_media":4750,"parent":0,"menu_order":0,"comment_status":"closed","ping_status":"closed","template":"elementor_header_footer","meta":{"rop_custom_images_group":[],"rop_custom_messages_group":[],"rop_publish_now":"initial","rop_publish_now_accounts":[],"rop_publish_now_history":[],"rop_publish_now_status":"pending","footnotes":""},"class_list":["post-5187","page","type-page","status-publish","has-post-thumbnail","hentry"],"_links":{"self":[{"href":"http:\/\/www.friville-editions.org\/wordpress\/index.php\/wp-json\/wp\/v2\/pages\/5187","targetHints":{"allow":["GET"]}}],"collection":[{"href":"http:\/\/www.friville-editions.org\/wordpress\/index.php\/wp-json\/wp\/v2\/pages"}],"about":[{"href":"http:\/\/www.friville-editions.org\/wordpress\/index.php\/wp-json\/wp\/v2\/types\/page"}],"author":[{"embeddable":true,"href":"http:\/\/www.friville-editions.org\/wordpress\/index.php\/wp-json\/wp\/v2\/users\/1"}],"replies":[{"embeddable":true,"href":"http:\/\/www.friville-editions.org\/wordpress\/index.php\/wp-json\/wp\/v2\/comments?post=5187"}],"version-history":[{"count":236,"href":"http:\/\/www.friville-editions.org\/wordpress\/index.php\/wp-json\/wp\/v2\/pages\/5187\/revisions"}],"predecessor-version":[{"id":16214,"href":"http:\/\/www.friville-editions.org\/wordpress\/index.php\/wp-json\/wp\/v2\/pages\/5187\/revisions\/16214"}],"wp:featuredmedia":[{"embeddable":true,"href":"http:\/\/www.friville-editions.org\/wordpress\/index.php\/wp-json\/wp\/v2\/media\/4750"}],"wp:attachment":[{"href":"http:\/\/www.friville-editions.org\/wordpress\/index.php\/wp-json\/wp\/v2\/media?parent=5187"}],"curies":[{"name":"wp","href":"https:\/\/api.w.org\/{rel}","templated":true}]}}